{"batchcomplete":"","continue":{"lecontinue":"20260401094556|702","continue":"-||"},"query":{"logevents":[{"logid":712,"ns":0,"title":"Paul Verlaine und der Symbolismus (Rezeption in \u00d6sterreich)","pageid":427,"logpage":427,"revid":1229,"params":{},"type":"create","action":"create","user":"Hannah","timestamp":"2026-04-23T11:03:11Z","comment":"Die Seite wurde neu angelegt: \u201eDiese Seite existiert derzeit [https://decaf-fr.literaturtirol.at/wiki/Paul_Verlaine_et_le_symbolisme_(r\u00e9ception_en_Autriche) nur im franz\u00f6sischsprachigen Wiki].  {{otherWiki|Paul_Verlaine_et_le_symbolisme_(r\u00e9ception_en_Autriche)}}\u201c"},{"logid":711,"ns":6,"title":"Datei:Zuckerkandl.jpg","pageid":426,"logpage":426,"revid":1224,"params":{},"type":"create","action":"create","user":"Hannah","timestamp":"2026-04-13T09:29:19Z","comment":"Berta Zuckerkandl-Szeps (1908) Photographi\u00e9e par Madame D'Ora \n\n\u00d6NB https://data.onb.ac.at/rep/BAG_10278967."},{"logid":710,"ns":6,"title":"Datei:Zuckerkandl.jpg","pageid":426,"logpage":426,"revid":1224,"params":{"img_sha1":"0a56m6gys0z5oa7dh4s5kf05n494e33","img_timestamp":"2026-04-13T09:29:19Z"},"type":"upload","action":"upload","user":"Hannah","timestamp":"2026-04-13T09:29:19Z","comment":"Berta Zuckerkandl-Szeps (1908) Photographi\u00e9e par Madame D'Ora \n\n\u00d6NB https://data.onb.ac.at/rep/BAG_10278967."},{"logid":709,"ns":0,"title":"Kunst und Kunsthandwerk (Monatsschrift des k. k. \u00d6sterreichischen Museums f\u00fcr Kunst und Industrie, 1898\u20131921)","pageid":425,"logpage":425,"revid":1216,"params":{},"type":"create","action":"create","user":"Hannah","timestamp":"2026-04-08T09:56:09Z","comment":"Die Seite wurde neu angelegt: \u201eDie im Jahr 1898 unter dem Impuls des damaligen Museumsdirektors Arthur von Scala<ref>https://www.aeiou.at/aeiou.encyclop.s/s144823.htm</ref> (1845\u20131909) aus den \u201eMittheilungen des k. k. \u00d6sterreichischen Museums f\u00fcr Kunst und Industrie\u201d (\u201eMonatsschrift f\u00fcr Kunst und Gewerbe\u201c, 1865\u20131897) hervorgegangene Kunstzeitschrift dokumentiert die Wandlungen der Beziehungen des Museums f\u00fcr Kunst und Industrie und seiner Kunstgewerbeschule zu ausl\u00e4ndi\u2026\u201c"},{"logid":708,"ns":6,"title":"Datei:Graph2.png","pageid":424,"logpage":424,"revid":1215,"params":{},"type":"create","action":"create","user":"Hannah","timestamp":"2026-04-08T09:41:54Z","comment":"Tabelle zu den Verfasser:innen der Frankreich-bezogenen Artikel in Kunst und Kunsthandwerk (1898-1921)"},{"logid":707,"ns":6,"title":"Datei:Graph2.png","pageid":424,"logpage":424,"revid":1215,"params":{"img_sha1":"7rlnyqf7twlc1gshpgqqp20gryejps5","img_timestamp":"2026-04-08T09:41:54Z"},"type":"upload","action":"upload","user":"Hannah","timestamp":"2026-04-08T09:41:54Z","comment":"Tabelle zu den Verfasser:innen der Frankreich-bezogenen Artikel in Kunst und Kunsthandwerk (1898-1921)"},{"logid":706,"ns":6,"title":"Datei:Graph1.png","pageid":423,"logpage":423,"revid":1214,"params":{},"type":"create","action":"create","user":"Hannah","timestamp":"2026-04-08T09:41:28Z","comment":"\u00dcberblick der Frankreich-bezogenen Artikel in ''Kunst und Kunsthandwerk'' zwischen 1898 und 1921"},{"logid":705,"ns":6,"title":"Datei:Graph1.png","pageid":423,"logpage":423,"revid":1214,"params":{"img_sha1":"6pvb8nrxesr4s47f9ct6dho4dgtzoqe","img_timestamp":"2026-04-08T09:41:28Z"},"type":"upload","action":"upload","user":"Hannah","timestamp":"2026-04-08T09:41:28Z","comment":"\u00dcberblick der Frankreich-bezogenen Artikel in ''Kunst und Kunsthandwerk'' zwischen 1898 und 1921"},{"logid":704,"ns":0,"title":"Elisabeth Freundlich","pageid":422,"logpage":422,"revid":1212,"params":{},"type":"create","action":"create","user":"Hannah","timestamp":"2026-04-07T09:50:51Z","comment":"Die Seite wurde neu angelegt: \u201eDiese Seite existiert derzeit [https://decaf-fr.literaturtirol.at/wiki/ nur im franz\u00f6sischsprachigen Wiki].  {{otherWiki|Elisabeth_Freundlich}}\u201c"},{"logid":703,"ns":0,"title":"Richard Thieberger","pageid":421,"logpage":421,"revid":1208,"params":{},"type":"create","action":"create","user":"Hannah","timestamp":"2026-04-01T10:37:46Z","comment":"Die Seite wurde neu angelegt: \u201eDiese Seite existiert derzeit [https://decaf-fr.literaturtirol.at/wiki/ nur im franz\u00f6sischsprachigen Wiki].  {{otherWiki| }} {{DEFAULTSORT: Thieberger, Richard}} [[Category:Mensch]]\u201c"}]}}